{"id":102,"date":"2025-01-30T13:37:37","date_gmt":"2025-01-30T12:37:37","guid":{"rendered":"https:\/\/www.niko-lindlar.de\/?page_id=102"},"modified":"2026-03-18T09:22:09","modified_gmt":"2026-03-18T08:22:09","slug":"werbinich","status":"publish","type":"page","link":"https:\/\/www.niko-lindlar.de\/?page_id=102","title":{"rendered":"\u00dcBER MICH"},"content":{"rendered":"\n<p style=\"font-size:28px\"><strong>Chemiker, Erlebnisp\u00e4dagoge, Autor. Vater, Skitourengeher, Bergsteiger.<\/strong><\/p>\n\n\n\n<p>Ich bin <strong>promovierter Chemiker<\/strong> und <strong>leidenschaftlicher Erlebnisp\u00e4dagoge<\/strong>. Ich brenne f\u00fcr die wissenschaftliche Methode, rationale Herangehensweise und das Erleben von Wagnissen in der Natur. Ich engagiere mich seit 2010 <strong>ehrenamtlich <\/strong>als Betreuer &amp; Trainer bei AFS Interkulturelle Begegnungen e.V. und als Jugendleiter, Teamer und Jugendreferent bei der Jugend des Deutschen Alpenvereins e.V. Ich teile meine Gedanken zu Risiko &amp; Wagnis, Jugendarbeit und Klimaschutz als <strong>freier Autor<\/strong> im Knotenpunkt, dem Jugendmagazin im Panorama des Deutschen Alpenverein, und hier im <a href=\"https:\/\/www.niko-lindlar.de\/index.php\/blog\/\" data-type=\"page\" data-id=\"106\">Blog<\/a>.<\/p>\n\n\n\n<div class=\"wp-block-media-text is-stacked-on-mobile\" style=\"grid-template-columns:38% auto\"><figure class=\"wp-block-media-text__media\"><img loading=\"lazy\" decoding=\"async\" width=\"1024\" height=\"768\" src=\"https:\/\/www.niko-lindlar.de\/wp-content\/uploads\/2025\/03\/IMG_20230812_120558-1024x768.jpg\" alt=\"\" class=\"wp-image-203 size-full\" srcset=\"https:\/\/www.niko-lindlar.de\/wp-content\/uploads\/2025\/03\/IMG_20230812_120558-1024x768.jpg 1024w, https:\/\/www.niko-lindlar.de\/wp-content\/uploads\/2025\/03\/IMG_20230812_120558-300x225.jpg 300w, https:\/\/www.niko-lindlar.de\/wp-content\/uploads\/2025\/03\/IMG_20230812_120558-768x576.jpg 768w, https:\/\/www.niko-lindlar.de\/wp-content\/uploads\/2025\/03\/IMG_20230812_120558-1536x1152.jpg 1536w, https:\/\/www.niko-lindlar.de\/wp-content\/uploads\/2025\/03\/IMG_20230812_120558-2048x1536.jpg 2048w\" sizes=\"auto, (max-width: 1024px) 100vw, 1024px\" \/><\/figure><div class=\"wp-block-media-text__content\">\n<p>Seit 2010 bin ich Jugendleiter, seit 2011 bilde ich Ehrenamtliche selbst aus. Erst als &#8222;Trainer&#8220; bei AFS Interkulturelle Begegnungen e.V., die Organisation dir mir 2008\/2009 ein Auslandsjahr in Paraguay erm\u00f6glichte. Ich bereitete hier vor allem zuk\u00fcnftige Austauschsch\u00fcler*innen auf ihre Zeit im Ausland vor, diskutierte \u00fcber &#8222;Was ist eigentlich Kultur?&#8220; und besprach Wege, im Ausland mit Einsamkeit klar zu kommen. Seit 2019 bilde ich als &#8222;Teamer&#8220; Jugendleiter*innen f\u00fcr die Jugend des Deutschen Alpenvereins aus und fort. Hier liegt der Fokus auf Risikomanagement auf der einen Seite und Erlebnisp\u00e4dagogik auf der anderen.<\/p>\n<\/div><\/div>\n\n\n\n<div class=\"wp-block-media-text has-media-on-the-right is-stacked-on-mobile\" style=\"grid-template-columns:auto 38%\"><div class=\"wp-block-media-text__content\">\n<p>1992 wurde ich in Konstanz geboren und bin dort aufgewachsen, 2011 habe ich mich f\u00fcr das Chemiestudium an der Universit\u00e4t Heidelberg entschieden. Nach erfolgreichem Bachelor-Abschluss nutzte ich das Masterstudium f\u00fcr Auslandsaufenthalte in Innsbruck und an der Harvard University, die mich wissenschaftlich und menschlich sehr pr\u00e4gten. Meine Masterarbeit absolvierte ich als Kollaboration zwischen LMU M\u00fcnchen und der Universit\u00e4t Heidelberg. Die anschlie\u00dfende Doktorarbeit schrieb ich in der Gruppe von Prof. Lena Daumann an der LMU in M\u00fcnchen \u00fcber synthetische Eisenkomplexe als Modellsysteme f\u00fcr nat\u00fcrliche Enzyme. Von Mitte 2022 bis Ende 2025 arbeitete ich an der Universit\u00e4t Z\u00fcrich als Postdoktorand in der RNA Forschung.<\/p>\n<\/div><figure class=\"wp-block-media-text__media\"><img loading=\"lazy\" decoding=\"async\" width=\"769\" height=\"1024\" src=\"https:\/\/www.niko-lindlar.de\/wp-content\/uploads\/2025\/03\/1724851316008-769x1024.jpg\" alt=\"\" class=\"wp-image-229 size-full\" srcset=\"https:\/\/www.niko-lindlar.de\/wp-content\/uploads\/2025\/03\/1724851316008-769x1024.jpg 769w, https:\/\/www.niko-lindlar.de\/wp-content\/uploads\/2025\/03\/1724851316008-225x300.jpg 225w, https:\/\/www.niko-lindlar.de\/wp-content\/uploads\/2025\/03\/1724851316008-768x1022.jpg 768w, https:\/\/www.niko-lindlar.de\/wp-content\/uploads\/2025\/03\/1724851316008.jpg 800w\" sizes=\"auto, (max-width: 769px) 100vw, 769px\" \/><\/figure><\/div>\n\n\n\n<p><strong>Beruflicher Werdegang<\/strong><\/p>\n\n\n\n<ul class=\"wp-block-list\">\n<li><strong>Seit 2019<\/strong>: Selbst\u00e4ndig als Erlebnisp\u00e4dagoge, unter anderem als Teamer f\u00fcr die Jugend des Deutschen Alpenverein Baden-W\u00fcrttemberg e.V., DE.<\/li>\n\n\n\n<li><strong>2022<\/strong>&#8211;<strong>2025<\/strong>: Postdoktorand an der Universit\u00e4t Z\u00fcrich, CH.<\/li>\n\n\n\n<li><strong>2021<\/strong>&#8211;<strong>2022<\/strong>: Postdoktorand an der Ludwig-Maximilians-Universit\u00e4t M\u00fcnchen, DE.<\/li>\n\n\n\n<li><strong>2018<\/strong>&#8211;<strong>2021<\/strong>: Dr. rer. nat. in Anorganischer Chemie an der Ludwig-Maximilians-Universit\u00e4t M\u00fcnchen, DE.<\/li>\n\n\n\n<li><strong>2014<\/strong>&#8211;<strong>2018<\/strong>: Master of Science in Chemie an der Ruprecht-Karls-Universit\u00e4t Heidelberg\/Ludwig-Maximilians-Universit\u00e4t M\u00fcnchen, DE.<\/li>\n\n\n\n<li><strong>2015<\/strong>&#8211;<strong>2017<\/strong>: Auslandsaufenthalt an der Leopold-Franzens Universit\u00e4t Innsbruck, AT und der Harvard University, USA.<\/li>\n\n\n\n<li><strong>2011<\/strong>&#8211;<strong>2014<\/strong>: Bachelor of Science in Chemie an der Ruprecht-Karls-Universit\u00e4t Heidelberg, DE.<\/li>\n\n\n\n<li><strong>2011<\/strong>: Abitur am Alexander-von-Humboldt-Gymnasium Konstanz, DE<\/li>\n<\/ul>\n\n\n\n<p><strong>Artikel, Buchkapitel und sonstige Ver\u00f6ffentlichungen<\/strong><\/p>\n\n\n\n<ul class=\"wp-block-list\">\n<li><strong>2025<\/strong>: <a href=\"https:\/\/www.alpenverein.de\/artikel\/wildnis-auf-wish-bestellt_10b2cb54-221f-4aa3-8860-6cad567967f0\">Die Alpen: Wildnis auf Wish bestellt?<\/a>, K<em>notenpunkt\/Panorama<\/em>, M\u00fcnchen.<\/li>\n\n\n\n<li><strong>2025<\/strong>: <a href=\"https:\/\/www.jdav.de\/assets\/panorama-2025-2-jdav-knotenpunkt-diy.pdf\">Selber. Machen. Lassen.<\/a>, <em>Knotenpunkt\/Panorama<\/em>, M\u00fcnchen.<\/li>\n\n\n\n<li><strong>2025<\/strong>: <a href=\"https:\/\/www.jdav.de\/assets\/panorama-2025-61-jdav-knotenpunkt-jungewilde.pdf\" data-type=\"link\" data-id=\"https:\/\/www.jdav.de\/assets\/panorama-2025-61-jdav-knotenpunkt-jungewilde.pdf\">Junge Wilde werden alt<\/a>, <em>Knotenpunkt\/Panorama<\/em>, M\u00fcnchen.<\/li>\n\n\n\n<li><strong>2024<\/strong>: <a href=\"https:\/\/www.jdav.de\/assets\/jdav\/knotenpunkte\/2024\/panorama-2024-5-jdav-knotenpunkt-superjobjugendleiterin.pdf\" data-type=\"link\" data-id=\"https:\/\/www.jdav.de\/assets\/jdav\/knotenpunkte\/2024\/panorama-2024-5-jdav-knotenpunkt-superjobjugendleiterin.pdf\">Editorial<\/a>, <em>Knotenpunkt\/Panorama<\/em>, M\u00fcnchen.<\/li>\n\n\n\n<li><strong>2024<\/strong>: <a href=\"https:\/\/www.jdav.de\/assets\/jdav\/knotenpunkte\/2024\/panorama-2024-4-jdav-knotenpunkt-talertalerdumusstwandern.pdf\" data-type=\"link\" data-id=\"https:\/\/www.jdav.de\/assets\/jdav\/knotenpunkte\/2024\/panorama-2024-4-jdav-knotenpunkt-talertalerdumusstwandern.pdf\">Die Nullpension &#8211; Selbstversorgung auf AV-H\u00fctten<\/a>; <em>Knotenpunkt\/Panorama<\/em>, M\u00fcnchen<\/li>\n\n\n\n<li><strong>2024<\/strong>: <a href=\"https:\/\/www.jdav.de\/assets\/jdav\/knotenpunkte\/2024\/panorama-2024-3-jdav-knotenpunkt-nordstaulage.pdf\" data-type=\"link\" data-id=\"https:\/\/www.jdav.de\/assets\/jdav\/knotenpunkte\/2024\/panorama-2024-3-jdav-knotenpunkt-nordstaulage.pdf\">Von klein bis gro\u00df &#8211; einmal durch die JDAV<\/a>, <em>Knotenpunkt\/Panorama<\/em>, M\u00fcnchen.<\/li>\n\n\n\n<li><strong>2023<\/strong>: <a href=\"https:\/\/www.jdav.de\/assets\/jdav\/knotenpunkte\/2023\/panorama-2023-3-jdav-knotenpunkt.pdf\" data-type=\"link\" data-id=\"https:\/\/www.jdav.de\/assets\/jdav\/knotenpunkte\/2023\/panorama-2023-3-jdav-knotenpunkt.pdf\">Lernen aus dem Mixer &#8211; Blended Learning in der JDAV<\/a>; <em>Knotenpunkt\/Panorama<\/em>, M\u00fcnchen.<\/li>\n\n\n\n<li><strong>2023<\/strong>: <a href=\"https:\/\/www.jdav.de\/assets\/jdav\/knotenpunkte\/2023\/panorama-2023-2-jdav-knotenpunkt-mtb.pdf\" data-type=\"link\" data-id=\"https:\/\/www.jdav.de\/assets\/jdav\/knotenpunkte\/2023\/panorama-2023-2-jdav-knotenpunkt-mtb.pdf\">Die lange Letzte Meile beim Bergsteigen<\/a>; <em>Knotenpunkt\/Panorama<\/em>, M\u00fcnchen.<\/li>\n\n\n\n<li><strong>2023<\/strong>: <a href=\"https:\/\/www.jdav.de\/assets\/jdav\/knotenpunkte\/2023\/panorama-2023-1-jdav-knotenpunkt.pdf\" data-type=\"link\" data-id=\"https:\/\/www.jdav.de\/assets\/jdav\/knotenpunkte\/2023\/panorama-2023-1-jdav-knotenpunkt.pdf\">Zwischen Sicherheit und Freiheit &#8211; Eine best\u00e4ndige Gratkletterei<\/a>, <em>Knotenpunkt\/Panorama<\/em>, M\u00fcnchen.<\/li>\n\n\n\n<li><strong>2022<\/strong>: <a href=\"https:\/\/www.jdav.de\/assets\/jdav\/knotenpunkte\/2022\/panorama-2022-6-jdav-knotenpunkt.pdf\" data-type=\"link\" data-id=\"https:\/\/www.jdav.de\/assets\/jdav\/knotenpunkte\/2022\/panorama-2022-6-jdav-knotenpunkt.pdf\">Ein bisschen anders als normal &#8211; Skitouren in der polnischen Tatra<\/a>, <em>Knotenpunkt\/Panorama<\/em>, M\u00fcnchen.<\/li>\n\n\n\n<li><strong>2022<\/strong>: <a href=\"https:\/\/aktiengram.de\/wie-statistiken-uns-taeuschen-koennen\/\" data-type=\"link\" data-id=\"https:\/\/aktiengram.de\/wie-statistiken-uns-taeuschen-koennen\/\">Wie Statistiken uns t\u00e4uschen k\u00f6nnen<\/a>, Aktiengram.de<\/li>\n<\/ul>\n\n\n\n<p><strong>Preise, Auszeichnungen und Stipendien<\/strong><\/p>\n\n\n\n<ul class=\"wp-block-list\">\n<li><strong>2024<\/strong>: Short Grant des Graduate Research Centers der Universit\u00e4t Z\u00fcrich f\u00fcr das Event &#8222;PostDoc &#8211; Then What?&#8220;<\/li>\n\n\n\n<li><strong>2024<\/strong>: Travel Grant des Graduate Research Centers der Universit\u00e4t Z\u00fcrich, CH f\u00fcr den Besuch der ChemBioParis 2025.<\/li>\n\n\n\n<li><strong>2023<\/strong>: Short Grant des Graduate Research Centers der Universit\u00e4t Z\u00fcrich, CH f\u00fcr die Seminarreihe &#8222;Chemical Exchange Seminars&#8220;.<\/li>\n\n\n\n<li><strong>2023<\/strong>: Postdoc Grant der Universit\u00e4t Z\u00fcrich, CH.<\/li>\n\n\n\n<li><strong>2023<\/strong>: Fellowship Leadership Academy der GSO e.V., DE<\/li>\n\n\n\n<li><strong>2022<\/strong>: Travel Grant der Society of Biological Inorganic Chemistry, USA f\u00fcr den Besuch der EuroBIC16, Grenoble, FR.<\/li>\n\n\n\n<li><strong>2021<\/strong>: Add-On Fellowship for International Life Sciences der Joachim-Herz-Stiftung, Deutschland. <\/li>\n\n\n\n<li><strong>2019<\/strong>: Travel Grant &amp; Posterprize der Society of Biological Inorganic Chemistry, USA f\u00fcr den Besuch der ICBIC19, Interlaken, CH.<\/li>\n\n\n\n<li><strong>2019<\/strong>: Promotionsstipendium der Studienstiftung des deutschen Volkes, DE.<\/li>\n\n\n\n<li><strong>2017<\/strong>: PROMOS Stipendium des Deutschen Akademischen Auslandsdienstes, DE.<\/li>\n<\/ul>\n\n\n\n<p><strong>Peer-Reviewed Publications<\/strong><\/p>\n\n\n\n<ul class=\"wp-block-list\">\n<li><strong>2026<\/strong>: <a href=\"https:\/\/doi.org\/10.1007\/s00775-026-02137-0\" data-type=\"link\" data-id=\"https:\/\/doi.org\/10.21203\/rs.3.rs-7694155\/v1\">A bioinorganic view on the potential chemical space of hydroxyphenylpyruvate dioxygenase- like (HPDL) enzyme<\/a>; Lindlar <em>et al<\/em>., <em>J. Inorg. Biol. Chem<\/em>., DOI: <a href=\"https:\/\/doi.org\/10.1007\/s00775-026-02137-0\" target=\"_blank\" rel=\"noreferrer noopener\">10.1007\/s00775-026-02137-0<\/a>.<\/li>\n\n\n\n<li><strong>2025<\/strong>: <a href=\"https:\/\/doi.org\/10.21203\/rs.3.rs-7694155\/v1\" data-type=\"link\" data-id=\"https:\/\/doi.org\/10.21203\/rs.3.rs-7694155\/v1\">A bioinorganic view on the potential chemical space of hydroxyphenylpyruvate dioxygenase- like (HPDL) enzyme<\/a>; Lindlar <em>et al<\/em>., <em>Preprint at Research Square<\/em>.<\/li>\n\n\n\n<li><strong>2025<\/strong>: <a href=\"https:\/\/pubs.acs.org\/doi\/10.1021\/acs.inorgchem.4c04518\" data-type=\"link\" data-id=\"https:\/\/pubs.acs.org\/doi\/10.1021\/acs.inorgchem.4c04518\">Two Plus Four Equals Three\u2013Iron(II)\/Iron(IV) Comproportionation as an Additional Pathway for Iron(IV)-Oxido Reactions<\/a>; Lindlar n\u00e9 Jonasson, Menke, Daumann <em>et al<\/em>., <em>Inorganic Chemistry.<\/em><\/li>\n\n\n\n<li><strong>2022<\/strong>: <a href=\"https:\/\/doi.org\/10.1002\/cbic.202100605\" data-type=\"link\" data-id=\"https:\/\/doi.org\/10.1002\/cbic.202100605\">Spectroscopic and <em>in\u2005vitro<\/em> Investigations of Fe<sup>2+<\/sup>\/\u03b1-Ketoglutarate-Dependent Enzymes Involved in Nucleic Acid Repair and Modification<\/a>; Schmidl, Lindlar n\u00e9 Jonasson, Menke, Schneider, Daumann, <em>ChemBioChem<\/em>.<\/li>\n\n\n\n<li><strong>2021<\/strong>: <a href=\"https:\/\/doi.org\/10.1002\/cbic.202100420\" data-type=\"link\" data-id=\"https:\/\/doi.org\/10.1002\/cbic.202100420\">TET-Like Oxidation in 5-Methylcytosine and Derivatives: A Computational and Experimental Study<\/a>; Jonasson, Jan\u00dfen, Menke, Zott, Zipse, Daumann, ChemBioChem.<\/li>\n\n\n\n<li><strong>2021<\/strong>: <a href=\"https:\/\/doi.org\/10.1002\/anie.202107277\" data-type=\"link\" data-id=\"https:\/\/doi.org\/10.1002\/anie.202107277\">Biomimetic Iron Complex Achieves TET Enzyme Reactivity<\/a>; Schmidl, Jonasson, Korytiakov\u00e1, Carell, Daumann, <em>Angewandte Chemie Internation Edition<\/em>.<\/li>\n\n\n\n<li><strong>2020<\/strong>: <a href=\"https:\/\/doi.org\/10.1007\/s00775-020-01752-9\" data-type=\"link\" data-id=\"https:\/\/doi.org\/10.1007\/s00775-020-01752-9\">Understanding the chemistry of the artificial electron acceptors PES, PMS, DCPIP and Wurster\u2019s Blue in methanol dehydrogenase assays<\/a>; Jahn, Jonasson, Daumann <em>et al<\/em>., <em>Journal of Biological Inorganic Chemistry<\/em>.<\/li>\n\n\n\n<li><strong>2019<\/strong>: <a href=\"https:\/\/doi.org\/10.1002\/chem.201902340\" data-type=\"link\" data-id=\"https:\/\/doi.org\/10.1002\/chem.201902340\">5-Methylcytosine is Oxidized to the Natural Metabolites of TET Enzymes by a Biomimetic Iron(IV)-Oxo Complex<\/a>; Jonasson, Daumann, <em>Chemistry &#8211; A European Journal<\/em>.<\/li>\n\n\n\n<li><strong>2017<\/strong>: <a href=\"https:\/\/doi.org\/10.1002\/ente.201700306\" data-type=\"link\" data-id=\"https:\/\/doi.org\/10.1002\/ente.201700306\" target=\"_blank\" rel=\"noreferrer noopener\">Optimized Design Principles for Silicon Coated Nanostructured Electrode Materials and its Applicability towards High Capacity Li-Ion Battery Anodes<\/a>; Auer, Jonasson, Kunze-Liebh\u00e4user, <em>et al<\/em>. <em>Energy Technology<\/em>.<\/li>\n<\/ul>\n\n\n\n<p><strong>Auslandsaufenthalte<\/strong><\/p>\n\n\n\n<ul class=\"wp-block-list\">\n<li><strong>2018<\/strong>: Harvard University, Massachusetts, USA: Forschungspraktikum in der organischen Chemie in der Arbeitsgruppe von Prof. Andrew Meyers.<\/li>\n\n\n\n<li><strong>2016\/2017<\/strong>: Universit\u00e4t Innsbruck, AT: Forschungspraktikum in der physikalische Chemie in der Arbeitsgruppe von Prof. Julia Kunze-Liebh\u00e4user.<\/li>\n\n\n\n<li><strong>2008\/2009<\/strong>: Ypan\u00e9, Paraguay: Auslandsjahr, organisiert durch AFS Interkulturelle Begegnungen e.V.<\/li>\n\n\n\n<li><strong>2007<\/strong>: Orange County, Kalifornien, USA: Dreiw\u00f6chiger Sch\u00fcleraustausch, organisiert durch Alexander-von-Humboldt Gymnasium, Konstanz.<\/li>\n\n\n\n<li><strong>2003<\/strong>: Richmond, England, UK: Einw\u00f6chiger Sch\u00fcleraustausch, organisiert durch Alexander-von-Humboldt Gymnasium, Konstanz.<\/li>\n<\/ul>\n","protected":false},"excerpt":{"rendered":"<p>Chemiker, Erlebnisp\u00e4dagoge, Autor. Vater, Skitourengeher, Bergsteiger. Ich bin promovierter Chemiker und leidenschaftlicher Erlebnisp\u00e4dagoge. Ich brenne f\u00fcr die wissenschaftliche Methode, rationale Herangehensweise und das Erleben von Wagnissen in der Natur. Ich engagiere mich seit 2010 ehrenamtlich als Betreuer &amp; Trainer bei AFS Interkulturelle Begegnungen e.V. und als Jugendleiter, Teamer und Jugendreferent bei der Jugend des Deutschen Alpenvereins e.V. Ich teile meine Gedanken zu Risiko &amp; Wagnis, Jugendarbeit und Klimaschutz als freier Autor im Knotenpunkt, dem Jugendmagazin im Panorama des Deutschen Alpenverein, und hier im Blog. Seit 2010 bin ich Jugendleiter, seit 2011 bilde ich Ehrenamtliche selbst aus. Erst als &#8222;Trainer&#8220; bei AFS Interkulturelle Begegnungen e.V., die Organisation dir mir 2008\/2009 ein Auslandsjahr in Paraguay erm\u00f6glichte. Ich bereitete hier vor allem zuk\u00fcnftige Austauschsch\u00fcler*innen auf ihre Zeit im Ausland vor, diskutierte \u00fcber &#8222;Was ist eigentlich Kultur?&#8220; und besprach Wege, im Ausland mit Einsamkeit klar zu kommen. Seit 2019 bilde ich als &#8222;Teamer&#8220; Jugendleiter*innen&hellip;<\/p>\n<p> <a class=\"more-link\" href=\"https:\/\/www.niko-lindlar.de\/?page_id=102\">Weiterlesen<\/a><\/p>\n","protected":false},"author":3,"featured_media":202,"parent":0,"menu_order":0,"comment_status":"closed","ping_status":"closed","template":"","meta":{"footnotes":""},"class_list":["post-102","page","type-page","status-publish","has-post-thumbnail"],"_links":{"self":[{"href":"https:\/\/www.niko-lindlar.de\/index.php?rest_route=\/wp\/v2\/pages\/102","targetHints":{"allow":["GET"]}}],"collection":[{"href":"https:\/\/www.niko-lindlar.de\/index.php?rest_route=\/wp\/v2\/pages"}],"about":[{"href":"https:\/\/www.niko-lindlar.de\/index.php?rest_route=\/wp\/v2\/types\/page"}],"author":[{"embeddable":true,"href":"https:\/\/www.niko-lindlar.de\/index.php?rest_route=\/wp\/v2\/users\/3"}],"replies":[{"embeddable":true,"href":"https:\/\/www.niko-lindlar.de\/index.php?rest_route=%2Fwp%2Fv2%2Fcomments&post=102"}],"version-history":[{"count":39,"href":"https:\/\/www.niko-lindlar.de\/index.php?rest_route=\/wp\/v2\/pages\/102\/revisions"}],"predecessor-version":[{"id":344,"href":"https:\/\/www.niko-lindlar.de\/index.php?rest_route=\/wp\/v2\/pages\/102\/revisions\/344"}],"wp:featuredmedia":[{"embeddable":true,"href":"https:\/\/www.niko-lindlar.de\/index.php?rest_route=\/wp\/v2\/media\/202"}],"wp:attachment":[{"href":"https:\/\/www.niko-lindlar.de\/index.php?rest_route=%2Fwp%2Fv2%2Fmedia&parent=102"}],"curies":[{"name":"wp","href":"https:\/\/api.w.org\/{rel}","templated":true}]}}